{"id":9,"date":"2017-07-17T22:16:40","date_gmt":"2017-07-17T22:16:40","guid":{"rendered":"http:\/\/www.europeano.de\/content\/?page_id=9"},"modified":"2019-04-01T03:27:35","modified_gmt":"2019-04-01T01:27:35","slug":"willkommen","status":"publish","type":"page","link":"https:\/\/www.europeano.de\/content\/","title":{"rendered":"Willkommen"},"content":{"rendered":"<p>Ich bin bekennender Europ\u00e4er und bef\u00fchrworter der EU.<\/p>\n<p>Urspr\u00fcnglich wollte ich mich mit dieser Website auf der Suche nach einer geigneten gemeinsame europ\u00e4ische (Hilfs-)Sprache machen. Im Zuge dieser Recherche stie\u00df ich auf <a href=\"\\&quot;https:\/\/www.treffpunkteuropa.de\/europa-braucht-eine-gemeinsame-sprache\\&quot;\">https:\/\/www.treffpunkteuropa.de\/europa-braucht-eine-gemeinsame-sprache <\/a>. Dort taucht der Satz auf:<\/p>\n<blockquote>\n<p>Einige Verfechter von Peanos Ideen versuchen die Idee unter dem Namen \u201eEuropeano\u201c wiederzubeleben (wobei die Bezeichnung \u201eEuropeano\u201c auch \u201eder Europ\u00e4er\u201c hei\u00dfen, und somit verwirren kann, daher wurde hier von \u201eEuropeana\u201c gesprochen).<\/p>\n<\/blockquote>\n<p>Dies hat mich schlie\u00dflich zu den Namen dieser Homepage inspiriert.<\/p>\n<p>Inzwischen m\u00f6chte ich hier auch andere ausgew\u00e4hlte Themen mit europ\u00e4ischen Bezug bearbeiten.<\/p>\n\n\n<p><\/p>\n","protected":false},"excerpt":{"rendered":"<p>Ich bin bekennender Europ\u00e4er und bef\u00fchrworter der EU. Urspr\u00fcnglich wollte ich mich mit dieser Website auf der Suche nach einer geigneten gemeinsame europ\u00e4ische (Hilfs-)Sprache machen. Im Zuge dieser Recherche stie\u00df ich auf https:\/\/www.treffpunkteuropa.de\/europa-braucht-eine-gemeinsame-sprache . Dort taucht der Satz auf: Einige Verfechter von Peanos Ideen versuchen die Idee unter dem Namen \u201eEuropeano\u201c wiederzubeleben (wobei die Bezeichnung &hellip; <a href=\"https:\/\/www.europeano.de\/content\/\" class=\"more-link\"><span class=\"screen-reader-text\">Willkommen<\/span> weiterlesen<\/a><\/p>\n","protected":false},"author":1,"featured_media":0,"parent":0,"menu_order":0,"comment_status":"closed","ping_status":"closed","template":"","meta":{"footnotes":""},"class_list":["post-9","page","type-page","status-publish","hentry"],"aioseo_notices":[],"_links":{"self":[{"href":"https:\/\/www.europeano.de\/content\/wp-json\/wp\/v2\/pages\/9","targetHints":{"allow":["GET"]}}],"collection":[{"href":"https:\/\/www.europeano.de\/content\/wp-json\/wp\/v2\/pages"}],"about":[{"href":"https:\/\/www.europeano.de\/content\/wp-json\/wp\/v2\/types\/page"}],"author":[{"embeddable":true,"href":"https:\/\/www.europeano.de\/content\/wp-json\/wp\/v2\/users\/1"}],"replies":[{"embeddable":true,"href":"https:\/\/www.europeano.de\/content\/wp-json\/wp\/v2\/comments?post=9"}],"version-history":[{"count":4,"href":"https:\/\/www.europeano.de\/content\/wp-json\/wp\/v2\/pages\/9\/revisions"}],"predecessor-version":[{"id":76,"href":"https:\/\/www.europeano.de\/content\/wp-json\/wp\/v2\/pages\/9\/revisions\/76"}],"wp:attachment":[{"href":"https:\/\/www.europeano.de\/content\/wp-json\/wp\/v2\/media?parent=9"}],"curies":[{"name":"wp","href":"https:\/\/api.w.org\/{rel}","templated":true}]}}